{"id":255,"date":"2026-01-27T20:26:11","date_gmt":"2026-01-27T20:26:11","guid":{"rendered":"https:\/\/tiny-steps-together.com\/preise\/"},"modified":"2026-03-08T03:28:21","modified_gmt":"2026-03-08T03:28:21","slug":"preise","status":"publish","type":"page","link":"https:\/\/tiny-steps-together.com\/de\/preise\/","title":{"rendered":"Preise"},"content":{"rendered":"\n<div class=\"wp-block-group alignfull is-style-ext-preset--group--natural-1--section has-background-background-color has-background has-global-padding is-layout-constrained wp-block-group-is-layout-constrained is-style-ext-preset--group--natural-1--section--1\" style=\"margin-top:0;margin-bottom:0;padding-top:var(--wp--preset--spacing--50);padding-bottom:var(--wp--preset--spacing--70)\">\n<div class=\"wp-block-columns alignwide are-vertically-aligned-center is-layout-flex wp-container-core-columns-is-layout-d96dcb9d wp-block-columns-is-layout-flex\">\n<div class=\"wp-block-column is-vertically-aligned-center is-layout-flow wp-block-column-is-layout-flow\">\n<div class=\"wp-block-group alignwide is-vertical is-layout-flex wp-container-core-group-is-layout-44903384 wp-block-group-is-layout-flex\">\n<div class=\"wp-block-group is-style-ext-preset--group--natural-1--section has-global-padding is-layout-constrained wp-container-core-group-is-layout-836a97cd wp-block-group-is-layout-constrained is-style-ext-preset--group--natural-1--section--2\">\n<h1 class=\"wp-block-heading\">Beratungsangebot Stillen, Schlaf &amp; Beikost<\/h1>\n\n\n\n<p class=\"wp-block-paragraph\">Rund um Stillen, kindlichen Schlaf und den Beginn der Beikost entstehen im Familienalltag oft Fragen oder Unsicherheiten. In meinen Beratungen begleite ich euch bindungs- und bed\u00fcrfnisorientiert dabei, eure individuelle Situation besser zu verstehen und passende, alltagstaugliche Wege f\u00fcr eure Familie zu finden.<\/p>\n\n\n\n<p class=\"wp-block-paragraph\">Je nach Situation k\u00f6nnt ihr zwischen einer\u00a0<strong>individuellen Beratung<\/strong>, einem\u00a0<strong>Vorbereitungsgespr\u00e4ch<\/strong>\u00a0oder einem\u00a0<strong>Workshop in kleiner Gruppe<\/strong>\u00a0w\u00e4hlen.<\/p>\n\n\n\n<h5 class=\"wp-block-heading\"><strong>\ud83d\udcac Individuelle Beratung<\/strong><\/h5>\n\n\n\n<p class=\"wp-block-paragraph\">Pers\u00f6nliche Begleitung bei Fragen oder Herausforderungen rund um&nbsp;<strong>Stillen, kindlichen Schlaf oder Beikost<\/strong>.<\/p>\n\n\n\n<p class=\"wp-block-paragraph\">Gemeinsam schauen wir auf eure individuelle Situation und entwickeln alltagstaugliche L\u00f6sungen, die zu euch und eurem Kind passen.<\/p>\n\n\n\n<h5 class=\"wp-block-heading\"><strong><strong>\ud83d\udc65<\/strong> Vorbereitungsgespr\u00e4ch<\/strong><\/h5>\n\n\n\n<p class=\"wp-block-paragraph\">Entspanntes Gespr\u00e4ch f\u00fcr&nbsp;<strong>werdende Eltern<\/strong>, die sich in Ruhe auf die erste Zeit mit ihrem Baby vorbereiten m\u00f6chten.<\/p>\n\n\n\n<p class=\"wp-block-paragraph\">Wir sprechen \u00fcber Themen wie&nbsp;<strong>Stillstart, kindlichen Schlaf oder Beikost<\/strong>&nbsp;und kl\u00e4ren eure individuellen Fragen.<\/p>\n\n\n\n<h5 class=\"wp-block-heading\"><strong><strong>\ud83d\udcdd<\/strong> Workshops<\/strong><\/h5>\n\n\n\n<p class=\"wp-block-paragraph\">Workshops in&nbsp;<strong>kleinen Gruppen<\/strong>&nbsp;zu den Themen Stillen, Schlaf und Beikost.<\/p>\n\n\n\n<p class=\"wp-block-paragraph\">Neben fundierten Informationen gibt es Raum f\u00fcr&nbsp;<strong>Austausch, Fragen und gegenseitige Unterst\u00fctzung<\/strong>.<\/p>\n\n\n\n<p class=\"wp-block-paragraph\">Alle Angebote bieten Raum f\u00fcr eure Fragen, fundierte Informationen und eine ruhige, wertsch\u00e4tzende Atmosph\u00e4re ohne starre Konzepte oder Druck.<\/p>\n\n\n\n<h5 class=\"wp-block-heading\"><strong><strong>Stornierung &amp; Terminverschiebung<\/strong><\/strong><\/h5>\n\n\n\n<p class=\"has-foreground-alt-color has-text-color has-link-color wp-elements-1 wp-block-paragraph\">Bitte gib mir&nbsp;mindestens 24 Stunden vorher Bescheid, falls du einen Termin absagen oder verschieben musst. Bei kurzfristigeren \u00c4nderungen berechne ich eine&nbsp;Aufwandspauschale von der H\u00e4lfte des Preises, da zu diesem Zeitpunkt bereits Vorbereitungen erfolgt sind.<\/p>\n\n\n\n<p class=\"has-foreground-alt-color has-text-color has-link-color wp-elements-2 wp-block-paragraph\">Bei einer vollst\u00e4ndigen Stornierung wird eine&nbsp;Bearbeitungsgeb\u00fchr von 5 Euro&nbsp;einbehalten, um entstandene Buchungskosten zu decken. Dies gilt f\u00fcr bereits im Voraus bezahlte Termine, der Restbetrag wird selbstverst\u00e4ndlich zur\u00fcckerstattet.<\/p>\n\n\n\n<p class=\"has-foreground-alt-color has-text-color has-link-color wp-elements-3 wp-block-paragraph\">Auch wenn ich keine&nbsp;Erfolgsgarantie&nbsp;geben oder eine&nbsp;medizinische Diagnose&nbsp;stellen darf (dies ist \u00c4rzt:innen vorbehalten), begleite ich dich und dein Kind mit Fachwissen, Erfahrung und viel Einf\u00fchlungsverm\u00f6gen auf eurem Weg.<\/p>\n\n\n\n<p class=\"has-foreground-alt-color has-text-color has-link-color wp-elements-4 wp-block-paragraph\">Bitte beachte hierzu auch meine&nbsp;AGB.<\/p>\n<\/div>\n\n\n\n<div class=\"wp-block-buttons is-layout-flex wp-block-buttons-is-layout-flex\"><\/div>\n<\/div>\n<\/div>\n<\/div>\n<\/div>\n\n\n\n<div class=\"wp-block-group alignfull is-style-ext-preset--group--natural-1--section has-tertiary-background-color has-background has-global-padding is-layout-constrained wp-container-core-group-is-layout-8870cb56 wp-block-group-is-layout-constrained is-style-ext-preset--group--natural-1--section--3\" style=\"margin-top:0;margin-bottom:0;padding-top:var(--wp--preset--spacing--70);padding-bottom:var(--wp--preset--spacing--70)\">\n<h2 class=\"wp-block-heading has-text-align-center ext-animate--on\">Preis\u00fcbersicht \u00fcber Angebot in Regensburg &amp; Umgebung<\/h2>\n\n\n\n<div class=\"wp-block-columns alignwide is-layout-flex wp-container-core-columns-is-layout-a30e3532 wp-block-columns-is-layout-flex\">\n<div class=\"wp-block-column ext-animate--on is-layout-flow wp-block-column-is-layout-flow\">\n<div class=\"wp-block-group is-style-ext-preset--group--natural-1--item-card-1--align-center has-global-padding is-layout-constrained wp-block-group-is-layout-constrained is-style-ext-preset--group--natural-1--item-card-1--align-center--4\">\n<figure class=\"wp-block-image size-large\"><img loading=\"lazy\" decoding=\"async\" width=\"1421\" height=\"947\" src=\"https:\/\/tiny-steps-together.com\/wp-content\/uploads\/2026\/03\/Individuelle-Beratung-2-edited.png\" alt=\"\" class=\"wp-image-1483\" style=\"aspect-ratio:4\/3;object-fit:cover\" srcset=\"https:\/\/tiny-steps-together.com\/wp-content\/uploads\/2026\/03\/Individuelle-Beratung-2-edited.png 1421w, https:\/\/tiny-steps-together.com\/wp-content\/uploads\/2026\/03\/Individuelle-Beratung-2-edited-300x200.png 300w, https:\/\/tiny-steps-together.com\/wp-content\/uploads\/2026\/03\/Individuelle-Beratung-2-edited-1024x682.png 1024w, https:\/\/tiny-steps-together.com\/wp-content\/uploads\/2026\/03\/Individuelle-Beratung-2-edited-768x512.png 768w, https:\/\/tiny-steps-together.com\/wp-content\/uploads\/2026\/03\/Individuelle-Beratung-2-edited-18x12.png 18w\" sizes=\"auto, (max-width: 1421px) 100vw, 1421px\" \/><\/figure>\n\n\n\n<div class=\"wp-block-group is-style-default has-global-padding is-layout-constrained wp-block-group-is-layout-constrained\">\n<h3 class=\"wp-block-heading has-text-align-center\"><strong><strong>\ud83d\udcac<\/strong> Individuelle Beratung<\/strong><\/h3>\n\n\n\n<p class=\"has-text-align-center has-foreground-alt-color has-text-color has-link-color wp-elements-5 wp-block-paragraph\"><em>(Stillen, Schlaf oder Beikost)<\/em><\/p>\n\n\n\n<p class=\"has-foreground-alt-color has-text-color has-link-color wp-elements-6 wp-block-paragraph\"><strong>80 \u20ac<\/strong><\/p>\n\n\n\n<p class=\"has-foreground-alt-color has-text-color has-link-color wp-elements-7 wp-block-paragraph\"><strong>erste Stunde<\/strong><\/p>\n\n\n\n<ul class=\"wp-block-list\">\n<li class=\"has-foreground-alt-color has-text-color has-link-color wp-elements-8\">Dauer: ca. 60\u201390 Minuten<\/li>\n\n\n\n<li class=\"has-foreground-alt-color has-text-color has-link-color wp-elements-9\">inklusive Vorbereitung<\/li>\n\n\n\n<li class=\"has-foreground-alt-color has-text-color has-link-color wp-elements-10\">individuelle Begleitung bei euch zuhause oder online<\/li>\n<\/ul>\n\n\n\n<p class=\"has-foreground-alt-color has-text-color has-link-color wp-elements-11 wp-block-paragraph\"><strong>Weitere Zeit:<\/strong><\/p>\n\n\n\n<p class=\"has-text-align-center has-foreground-alt-color has-text-color has-link-color wp-elements-12 wp-block-paragraph\">20 \u20ac pro angefangene 15 Minuten<\/p>\n<\/div>\n<\/div>\n<\/div>\n\n\n\n<div class=\"wp-block-column ext-animate--on is-layout-flow wp-block-column-is-layout-flow\">\n<div class=\"wp-block-group is-style-ext-preset--group--natural-1--item-card-1--align-center has-global-padding is-layout-constrained wp-block-group-is-layout-constrained is-style-ext-preset--group--natural-1--item-card-1--align-center--5\">\n<figure class=\"wp-block-image size-large\"><img loading=\"lazy\" decoding=\"async\" width=\"1024\" height=\"683\" src=\"https:\/\/tiny-steps-together.com\/wp-content\/uploads\/2026\/03\/Beikostworkshop-1024x683.png\" alt=\"\" class=\"wp-image-1489\" style=\"aspect-ratio:4\/3;object-fit:cover\" srcset=\"https:\/\/tiny-steps-together.com\/wp-content\/uploads\/2026\/03\/Beikostworkshop-1024x683.png 1024w, https:\/\/tiny-steps-together.com\/wp-content\/uploads\/2026\/03\/Beikostworkshop-300x200.png 300w, https:\/\/tiny-steps-together.com\/wp-content\/uploads\/2026\/03\/Beikostworkshop-768x512.png 768w, https:\/\/tiny-steps-together.com\/wp-content\/uploads\/2026\/03\/Beikostworkshop-18x12.png 18w, https:\/\/tiny-steps-together.com\/wp-content\/uploads\/2026\/03\/Beikostworkshop.png 1536w\" sizes=\"auto, (max-width: 1024px) 100vw, 1024px\" \/><\/figure>\n\n\n\n<div class=\"wp-block-group is-style-default has-global-padding is-layout-constrained wp-block-group-is-layout-constrained\">\n<h3 class=\"wp-block-heading has-text-align-center\"><strong>\ud83d\udc65<\/strong> Vorbereitungsgespr\u00e4ch<\/h3>\n\n\n\n<p class=\"has-text-align-center has-foreground-alt-color has-text-color has-link-color wp-elements-13 wp-block-paragraph\"><em>(Stillen, Schlaf oder Beikost)<\/em><\/p>\n\n\n\n<p class=\"has-foreground-alt-color has-text-color has-link-color wp-elements-14 wp-block-paragraph\"><strong>50 \u20ac pro Paar<\/strong><\/p>\n\n\n\n<p class=\"has-foreground-alt-color has-text-color has-link-color wp-elements-15 wp-block-paragraph\">praktische Vorbereitung auf die erste Zeit mit Baby<\/p>\n\n\n\n<ul class=\"wp-block-list\">\n<li>Dauer: ca. 1,5 Stunden<\/li>\n<\/ul>\n\n\n\n<ul class=\"wp-block-list\">\n<li>entspanntes Gespr\u00e4ch bei euch zuhause<\/li>\n<\/ul>\n\n\n\n<ul class=\"wp-block-list\">\n<li>Raum f\u00fcr individuelle Fragen<\/li>\n<\/ul>\n<\/div>\n<\/div>\n<\/div>\n\n\n\n<div class=\"wp-block-column ext-animate--on is-layout-flow wp-block-column-is-layout-flow\">\n<div class=\"wp-block-group is-style-ext-preset--group--natural-1--item-card-1--align-center has-global-padding is-layout-constrained wp-block-group-is-layout-constrained is-style-ext-preset--group--natural-1--item-card-1--align-center--6\">\n<figure class=\"wp-block-image size-large\"><img loading=\"lazy\" decoding=\"async\" width=\"1024\" height=\"683\" src=\"https:\/\/tiny-steps-together.com\/wp-content\/uploads\/2026\/03\/Workshops-edited-1024x683.png\" alt=\"\" class=\"wp-image-1487\" style=\"aspect-ratio:4\/3;object-fit:cover\" srcset=\"https:\/\/tiny-steps-together.com\/wp-content\/uploads\/2026\/03\/Workshops-edited-1024x683.png 1024w, https:\/\/tiny-steps-together.com\/wp-content\/uploads\/2026\/03\/Workshops-edited-300x200.png 300w, https:\/\/tiny-steps-together.com\/wp-content\/uploads\/2026\/03\/Workshops-edited-768x512.png 768w, https:\/\/tiny-steps-together.com\/wp-content\/uploads\/2026\/03\/Workshops-edited-18x12.png 18w, https:\/\/tiny-steps-together.com\/wp-content\/uploads\/2026\/03\/Workshops-edited.png 1297w\" sizes=\"auto, (max-width: 1024px) 100vw, 1024px\" \/><\/figure>\n\n\n\n<div class=\"wp-block-group is-style-default has-global-padding is-layout-constrained wp-block-group-is-layout-constrained\">\n<h3 class=\"wp-block-heading has-text-align-center\"><strong>\ud83d\udcdd<\/strong> Workshops<\/h3>\n\n\n\n<p class=\"has-text-align-center has-foreground-alt-color has-text-color has-link-color wp-elements-16 wp-block-paragraph\"><em>(Stillen, Schlaf &amp; Beikost)<\/em><\/p>\n\n\n\n<p class=\"has-foreground-alt-color has-text-color has-link-color wp-elements-17 wp-block-paragraph\"><strong>35 \u20ac pro Mama<\/strong><\/p>\n\n\n\n<p class=\"has-foreground-alt-color has-text-color has-link-color wp-elements-18 wp-block-paragraph\"><strong>50 \u20ac pro Paar<\/strong><\/p>\n\n\n\n<ul class=\"wp-block-list\">\n<li>Austausch und individuelle Fragen m\u00f6glich<\/li>\n<\/ul>\n\n\n\n<ul class=\"wp-block-list\">\n<li>Dauer: ca. 1,5 Stunden<\/li>\n<\/ul>\n\n\n\n<ul class=\"wp-block-list\">\n<li>kleine Gruppen (max. 6 Teilnehmer)<\/li>\n<\/ul>\n<\/div>\n<\/div>\n<\/div>\n<\/div>\n\n\n\n<div class=\"wp-block-buttons ext-animate--on is-content-justification-center is-layout-flex wp-container-core-buttons-is-layout-fdd94e84 wp-block-buttons-is-layout-flex\">\n<div class=\"wp-block-button is-style-ext-preset--button--natural-1--button-1 is-style-ext-preset--button--natural-1--button-1--7\"><a class=\"wp-block-button__link wp-element-button\" href=\"https:\/\/tiny-steps-together.com\/de\/kontakt\/\">Termin ausmachen<\/a><\/div>\n<\/div>\n<\/div>\n","protected":false},"excerpt":{"rendered":"<p>Beratungsangebot Stillen, Schlaf &amp; Beikost Rund um Stillen, kindlichen Schlaf und den Beginn der Beikost entstehen im Familienalltag oft Fragen oder Unsicherheiten. In meinen Beratungen begleite ich euch bindungs- und bed\u00fcrfnisorientiert dabei, eure individuelle Situation besser zu verstehen und passende, alltagstaugliche Wege f\u00fcr eure Familie zu finden. Je nach Situation k\u00f6nnt ihr zwischen einer\u00a0individuellen Beratung, [&hellip;]<\/p>\n","protected":false},"author":1,"featured_media":0,"parent":0,"menu_order":0,"comment_status":"closed","ping_status":"closed","template":"page-with-title","meta":{"_monsterinsights_skip_tracking":false,"footnotes":""},"class_list":["post-255","page","type-page","status-publish","hentry"],"_links":{"self":[{"href":"https:\/\/tiny-steps-together.com\/de\/wp-json\/wp\/v2\/pages\/255","targetHints":{"allow":["GET"]}}],"collection":[{"href":"https:\/\/tiny-steps-together.com\/de\/wp-json\/wp\/v2\/pages"}],"about":[{"href":"https:\/\/tiny-steps-together.com\/de\/wp-json\/wp\/v2\/types\/page"}],"author":[{"embeddable":true,"href":"https:\/\/tiny-steps-together.com\/de\/wp-json\/wp\/v2\/users\/1"}],"replies":[{"embeddable":true,"href":"https:\/\/tiny-steps-together.com\/de\/wp-json\/wp\/v2\/comments?post=255"}],"version-history":[{"count":221,"href":"https:\/\/tiny-steps-together.com\/de\/wp-json\/wp\/v2\/pages\/255\/revisions"}],"predecessor-version":[{"id":1578,"href":"https:\/\/tiny-steps-together.com\/de\/wp-json\/wp\/v2\/pages\/255\/revisions\/1578"}],"wp:attachment":[{"href":"https:\/\/tiny-steps-together.com\/de\/wp-json\/wp\/v2\/media?parent=255"}],"curies":[{"name":"wp","href":"https:\/\/api.w.org\/{rel}","templated":true}]}}